{"id":3313,"date":"2018-10-10T08:48:47","date_gmt":"2018-10-10T08:48:47","guid":{"rendered":"https:\/\/www.asilah-darmanara.com\/politica-de-privacidad\/"},"modified":"2018-10-15T08:39:01","modified_gmt":"2018-10-15T08:39:01","slug":"politica-de-privacidad","status":"publish","type":"page","link":"https:\/\/www.asilah-darmanara.com\/fr\/politica-de-privacidad\/","title":{"rendered":"INFORMATIONS SUR LA PROTECTION DES DONN\u00c9ES."},"content":{"rendered":"<p>[et_pb_section bb_built=&#8221;1&#8243; _builder_version=&#8221;3.1.1&#8243; custom_margin=&#8221;0px|0px|0px|0px&#8221; custom_padding=&#8221;0px|0px|0px|0px&#8221; next_background_color=&#8221;#000000&#8243;][et_pb_row _builder_version=&#8221;3.1.1&#8243; background_size=&#8221;initial&#8221; background_position=&#8221;top_left&#8221; background_repeat=&#8221;repeat&#8221;][et_pb_column type=&#8221;4_4&#8243;][\/et_pb_column][\/et_pb_row][\/et_pb_section][et_pb_section bb_built=&#8221;1&#8243; _builder_version=&#8221;3.0.47&#8243; custom_padding=&#8221;54px|0px|0|330px&#8221; prev_background_color=&#8221;#000000&#8243;][et_pb_row _builder_version=&#8221;3.0.47&#8243; background_size=&#8221;initial&#8221; background_position=&#8221;top_left&#8221; background_repeat=&#8221;repeat&#8221;][et_pb_column type=&#8221;4_4&#8243;][et_pb_text _builder_version=&#8221;3.1.1&#8243; text_font_size=&#8221;18px&#8221; header_text_color=&#8221;#8e3d00&#8243; header_2_font=&#8221;Montez||||||||&#8221; header_2_text_color=&#8221;#8e4208&#8243; header_2_font_size=&#8221;50px&#8221; header_2_font_size_phone=&#8221;41px&#8221; header_2_font_size_last_edited=&#8221;on|phone&#8221; header_3_font_size=&#8221;30px&#8221;]<\/p>\n<h1><strong>INFORMATIONS SUR LA PROTECTION DES DONN\u00c9ES.<\/strong><\/h1>\n<p>&nbsp;<\/p>\n<p><strong>Responsable <\/strong>: Dar Manara.<\/p>\n<p><strong>L\u00e9gitimation <\/strong>: demande de l&#8217;int\u00e9ress\u00e9<\/p>\n<p><strong>But :<\/strong> R\u00e9ponse aux consultations \u00e9lev\u00e9es.<\/p>\n<p><strong>Destinataires <\/strong><strong>:<\/strong> Seules les tierces parties seront sous s\u00e9dation en raison d&#8217;une obligation l\u00e9gale.<\/p>\n<p><strong>Droits :<\/strong> droit d&#8217;acc\u00e8s, de rectification, de suppression, de portabilit\u00e9, de limitation de traitement et de ne pas faire l&#8217;objet de d\u00e9cisions enti\u00e8rement automatis\u00e9es.<\/p>\n<p><strong>Informations compl\u00e9mentaires sur la protection des donn\u00e9es.<\/strong><\/p>\n<p><strong>Dans quel but nous traitons vos donn\u00e9es ?<\/strong><\/p>\n<p>Les donn\u00e9es que vous avez fournies seront utilis\u00e9es pour r\u00e9pondre aux questions que vous nous avez pos\u00e9es via les formulaires disponibles sur notre site Web.<\/p>\n<p>De plus, nous pouvons traiter vos donn\u00e9es avec les objectifs suivants:<\/p>\n<p><strong>G\u00e9rer la r\u00e9servation des chambres.<\/strong><\/p>\n<p>En aucun cas nous cr\u00e9erons des profils bas\u00e9s sur les informations fournies, de sorte que des d\u00e9cisions automatis\u00e9es bas\u00e9es sur des profils ne seront pas prises non plus. Quelle est la l\u00e9gitimit\u00e9 avec laquelle nous traitons vos donn\u00e9es?<\/p>\n<p><strong>Quelle est la l\u00e9gitimit\u00e9 avec laquelle nous traitons vos donn\u00e9es?<\/strong><\/p>\n<p>La l\u00e9gitimation est votre demande d&#8217;informations travers les formulaires de correspondants.<\/p>\n<p>\u00cates-vous oblig\u00e9 de fournir des informations personnelles?<\/p>\n<p>Les champs indiqu\u00e9s dans le formulaire sont ceux qui sont n\u00e9cessaires pour pouvoir rendre le service. Par cons\u00e9quent, une omission peut signifier qu&#8217;il est impossible de fournir ce service de mani\u00e8re ad\u00e9quate.<\/p>\n<p>DROIT DE RETIRER VOTRE CONSENTEMENT.<\/p>\n<p>Vous pouvez \u00e0 tout moment retirer votre consentement pour le traitement de vos donn\u00e9es et l&#8217;exercice de vos droits.<\/p>\n<p>AUXQUELLES DESTINATIONS COMMUNIQUERONT-ILS LEURS DONNEES?<\/p>\n<p>Nous ne communiquerons pas vos donn\u00e9es \u00e0 des tiers, sauf pour le respect des obligations l\u00e9gales.<\/p>\n<p>Nous vous informons \u00e9galement que nous maintiendrons la confidentialit\u00e9 absolue des informations que vous nous avez fournies.<\/p>\n<p>Il n&#8217;y aura pas de transfert international de donn\u00e9es \u00e0 caract\u00e8re personnel vers des pays tiers ou des organisations.<\/p>\n<p>COMBIEN DE TEMPS NOUS CONCERVERONS VOS DONNEES\u00a0?<\/p>\n<p>Nous conserverons vos donn\u00e9es pendant le temps n\u00e9cessaire pour r\u00e9pondre \u00e0 votre demande et, dans tous les cas, pendant le temps requis par la loi pour s&#8217;acquitter de ses obligations l\u00e9gales et jusqu&#8217;\u00e0 ce qu&#8217;elles prescrivent toutes responsabilit\u00e9s \u00e9ventuelles.<\/p>\n<p>QUELS SONT VOS DROITS?<\/p>\n<p>Vous aurez le droit d&#8217;obtenir des informations pour savoir si nous traitons avec des donn\u00e9es personnelles avec lesquelles vous \u00eates en accord ou en d\u00e9saccord.<\/p>\n<p>En ce qui concerne vos donn\u00e9es personnelles, vous avez le droit de:<\/p>\n<p>Acc\u00e9dez-y et demandez des informations sur comment et pourquoi nous les traitons et, le cas \u00e9ch\u00e9ant, demandez-en une copie.<\/p>\n<p>Demander la rectification de donn\u00e9es personnelles incorrectes ou inexactes;<\/p>\n<p>Demander la suppression de vos donn\u00e9es personnelles lorsque celles-ci ne sont plus n\u00e9cessaires aux fins pour lesquelles nous les avons collect\u00e9es;<\/p>\n<p>Demander la limitation de votre traitement, dans certains cas. Dans ce cas, nous ne conserverons vos donn\u00e9es que pour l&#8217;exercice ou la d\u00e9fense de r\u00e9clamations \u00e9ventuelles;<\/p>\n<p>Dans certaines circonstances, nous nous opposons \u00e0 votre traitement. Dans ce cas, nous cesserons de traiter vos donn\u00e9es, sauf si nous avons un int\u00e9r\u00eat l\u00e9gitime \u00e0 exercer ou \u00e0 d\u00e9fendre des r\u00e9clamations \u00e9ventuelles;<\/p>\n<p>Exercez le droit de portabilit\u00e9, le cas \u00e9ch\u00e9ant. Dans ce cas, vous aurez le droit de recevoir les donn\u00e9es personnelles que vous avez fournies, dans un format structur\u00e9, pour un usage commun et la lecture m\u00e9canique, et de les transmettre \u00e0 un autre responsable du traitement, dans certains cas. ;<\/p>\n<p>Droit de r\u00e9voquer son consentement \u00e0 tout moment.<\/p>\n<p>Vous pouvez exercer ces droits avant Dar Manara \u00e0 tout moment et gratuitement par courrier \u00e9lectronique \u00e0 l&#8217;adresse info@asilah-darmanara.com. Nous joignons \u00e0 la demande vos donn\u00e9es d&#8217;identification, y compris une copie de votre pi\u00e8ce d&#8217;identit\u00e9.<\/p>\n<p><strong>Dar Manara<\/strong><\/p>\n<p><strong>R\u00fae Mjemaa N\u00b023<\/strong><\/p>\n<p><strong>90050Asilah Maroc<\/strong>.<\/p>\n<p>[\/et_pb_text][\/et_pb_column][\/et_pb_row][\/et_pb_section]<\/p>\n","protected":false},"excerpt":{"rendered":"<p>[et_pb_section bb_built=&#8221;1&#8243; _builder_version=&#8221;3.1.1&#8243; custom_margin=&#8221;0px|0px|0px|0px&#8221; custom_padding=&#8221;0px|0px|0px|0px&#8221; next_background_color=&#8221;#000000&#8243;][et_pb_row _builder_version=&#8221;3.1.1&#8243; background_size=&#8221;initial&#8221; background_position=&#8221;top_left&#8221; background_repeat=&#8221;repeat&#8221;][et_pb_column type=&#8221;4_4&#8243;][\/et_pb_column][\/et_pb_row][\/et_pb_section][et_pb_section bb_built=&#8221;1&#8243; _builder_version=&#8221;3.0.47&#8243; custom_padding=&#8221;54px|0px|0|330px&#8221; prev_background_color=&#8221;#000000&#8243;][et_pb_row _builder_version=&#8221;3.0.47&#8243; background_size=&#8221;initial&#8221; background_position=&#8221;top_left&#8221; background_repeat=&#8221;repeat&#8221;][et_pb_column type=&#8221;4_4&#8243;][et_pb_text _builder_version=&#8221;3.1.1&#8243; text_font_size=&#8221;18px&#8221; header_text_color=&#8221;#8e3d00&#8243; header_2_font=&#8221;Montez||||||||&#8221; header_2_text_color=&#8221;#8e4208&#8243; header_2_font_size=&#8221;50px&#8221; header_2_font_size_phone=&#8221;41px&#8221; header_2_font_size_last_edited=&#8221;on|phone&#8221; header_3_font_size=&#8221;30px&#8221;] INFORMATIONS SUR LA PROTECTION DES DONN\u00c9ES. &nbsp; Responsable : Dar Manara. L\u00e9gitimation : demande de l&#8217;int\u00e9ress\u00e9 But : R\u00e9ponse aux consultations \u00e9lev\u00e9es. Destinataires : Seules les [&hellip;]<\/p>\n","protected":false},"author":4,"featured_media":0,"parent":0,"menu_order":0,"comment_status":"closed","ping_status":"closed","template":"","meta":{"footnotes":""},"class_list":["post-3313","page","type-page","status-publish","hentry"],"_links":{"self":[{"href":"https:\/\/www.asilah-darmanara.com\/fr\/wp-json\/wp\/v2\/pages\/3313","targetHints":{"allow":["GET"]}}],"collection":[{"href":"https:\/\/www.asilah-darmanara.com\/fr\/wp-json\/wp\/v2\/pages"}],"about":[{"href":"https:\/\/www.asilah-darmanara.com\/fr\/wp-json\/wp\/v2\/types\/page"}],"author":[{"embeddable":true,"href":"https:\/\/www.asilah-darmanara.com\/fr\/wp-json\/wp\/v2\/users\/4"}],"replies":[{"embeddable":true,"href":"https:\/\/www.asilah-darmanara.com\/fr\/wp-json\/wp\/v2\/comments?post=3313"}],"version-history":[{"count":5,"href":"https:\/\/www.asilah-darmanara.com\/fr\/wp-json\/wp\/v2\/pages\/3313\/revisions"}],"predecessor-version":[{"id":3443,"href":"https:\/\/www.asilah-darmanara.com\/fr\/wp-json\/wp\/v2\/pages\/3313\/revisions\/3443"}],"wp:attachment":[{"href":"https:\/\/www.asilah-darmanara.com\/fr\/wp-json\/wp\/v2\/media?parent=3313"}],"curies":[{"name":"wp","href":"https:\/\/api.w.org\/{rel}","templated":true}]}}